{"id":1030,"date":"2021-01-07T12:06:44","date_gmt":"2021-01-07T12:06:44","guid":{"rendered":"http:\/\/ludzie.fundacja-pih.pl\/?post_type=product&#038;p=1030"},"modified":"2025-05-16T14:10:52","modified_gmt":"2025-05-16T14:10:52","slug":"pietruszka-ewa","status":"publish","type":"product","link":"http:\/\/ludzie.fundacja-pih.pl\/index.php\/product\/pietruszka-ewa\/","title":{"rendered":"Pietruszka Ewa"},"content":{"rendered":"<p>Urodzi\u0142a si\u0119 9 stycznia 1953 w Grudzi\u0105dzu<\/p>\n<p>W latach 1980 \u2013 1981 by\u0142a zaanga\u017cowana w dzia\u0142alno\u015b\u0107 Solidarno\u015bci Rolnik\u00f3w Indywidualnych szczebla wiejskiego. Po og\u0142oszeniu stanu wojennego dom Ewy i Stanis\u0142awa Pietruszk\u00f3w w Gruszowie by\u0142 wa\u017cnym punktem kontaktowym dla dzia\u0142aczy Og\u00f3lnopolskiego Komitetu Oporu Rolnik\u00f3w, Porozumienia Prasowego \u201eSolidarno\u015b\u0107 Zwyci\u0119\u017cy\u201d, oraz \u201eSolidarno\u015bci Walcz\u0105cej\u201d. Od 1982 roku wsp\u00f3\u0142pracowa\u0142a z Og\u00f3lnopolskim Komitetem Oporu Rolnik\u00f3w i Porozumieniem Prasowym \u201eSolidarno\u015b\u0107 Zwyci\u0119\u017cy\u201d. Nale\u017ca\u0142a do krakowskiego oddzia\u0142u \u201eSolidarno\u015bci Walcz\u0105cej\u201d, by\u0142a jego zaprzysi\u0119\u017conym cz\u0142onkiem. Kolportowa\u0142a podziemn\u0105 pras\u0119 m.in. tytu\u0142y takie jak: \u201eSolidarno\u015b\u0107 Zwyci\u0119\u017cy\u201d, \u201eSolidarno\u015b\u0107 Walcz\u0105ca\u201d, \u201eKurierek B\u201d, \u201eSolidarno\u015b\u0107 Rolnik\u00f3w\u201d. Gromadzi\u0142a papier i sk\u0142adki na potrzeby drukarni \u201cWilno\u201d im. genera\u0142a Okulickiego \u2013 \u201cNied\u017awiadka\u201d pracuj\u0105c\u0105 w posiad\u0142o\u015bci Hlebowicz\u00f3w w nieodleg\u0142ych Zag\u00f3rzanach. Kilkakrotnie w ich domu Piotr Hlebowicz awaryjnie drukowa\u0142 gazety i ulotki. Na pocz\u0105tku stanu wojennego SB przeprowadzi\u0142a rewizj\u0119 w jej domu. M\u0105\u017c Ewy Pietruszki, Stanis\u0142aw, by\u0142 przes\u0142uchiwany i zastraszany. Ewa Pietruszka uczestniczy\u0142a w patriotycznych uroczysto\u015bciach organizowanych w gruszowskim ko\u015bciele. Parokrotnie dom Pietruszk\u00f3w by\u0142 miejscem spotka\u0144 \u201eSolidarno\u015bci Walcz\u0105cej\u201d, \u201eOg\u00f3lnopolskiego Komitetu Oporu Rolnik\u00f3w\u201d i Porozumienia Prasowego \u201eSolidarno\u015b\u0107 Zwyci\u0119\u017cy\u201d z Bochni, Tarnowa, Krakowa, Wroc\u0142awia. Kilkakrotnie przez dom Pietruszk\u00f3w przewin\u0105\u0142 si\u0119 poszukiwany listem go\u0144czym lider Og\u00f3lnopolskiego Komitetu Oporu Rolnik\u00f3w, J\u00f3zef Teliga. Ewa Pietruszka udziela\u0142a pomocy m\u0119\u017cowi w koordynacji dzia\u0142a\u0144 OKOR-u w okolicach gmin \u0141apan\u00f3w, Raciechowice. Ewa Pietruszka zosta\u0142a odznaczona Krzy\u017cem Kawalerskim Orderu Odrodzenia Polski, Krzy\u017cem Wolno\u015bci i Solidarno\u015bci, Krzy\u017ce Solidarno\u015bci Walcz\u0105cej, oraz Medalem 100 &#8211; lecia Odzyskania Niepodleg\u0142o\u015bci.<\/p>\n","protected":false},"excerpt":{"rendered":"<p>Urodzi\u0142a si\u0119 9 stycznia 1953 w Grudzi\u0105dzu W latach 1980 \u2013 1981 by\u0142a zaanga\u017cowana w dzia\u0142alno\u015b\u0107 Solidarno\u015bci Rolnik\u00f3w Indywidualnych szczebla wiejskiego. Po og\u0142oszeniu stanu wojennego dom Ewy i Stanis\u0142awa Pietruszk\u00f3w w Gruszowie by\u0142 wa\u017cnym punktem kontaktowym dla dzia\u0142aczy Og\u00f3lnopolskiego Komitetu Oporu Rolnik\u00f3w, Porozumienia Prasowego \u201eSolidarno\u015b\u0107 Zwyci\u0119\u017cy\u201d, oraz \u201eSolidarno\u015bci Walcz\u0105cej\u201d. Od 1982 roku wsp\u00f3\u0142pracowa\u0142a z Og\u00f3lnopolskim [&hellip;]<\/p>\n","protected":false},"featured_media":1690,"template":"","meta":[],"_links":{"self":[{"href":"http:\/\/ludzie.fundacja-pih.pl\/index.php\/wp-json\/wp\/v2\/product\/1030"}],"collection":[{"href":"http:\/\/ludzie.fundacja-pih.pl\/index.php\/wp-json\/wp\/v2\/product"}],"about":[{"href":"http:\/\/ludzie.fundacja-pih.pl\/index.php\/wp-json\/wp\/v2\/types\/product"}],"wp:featuredmedia":[{"embeddable":true,"href":"http:\/\/ludzie.fundacja-pih.pl\/index.php\/wp-json\/wp\/v2\/media\/1690"}],"wp:attachment":[{"href":"http:\/\/ludzie.fundacja-pih.pl\/index.php\/wp-json\/wp\/v2\/media?parent=1030"}],"curies":[{"name":"wp","href":"https:\/\/api.w.org\/{rel}","templated":true}]}}