{"id":1158,"date":"2021-01-07T16:14:28","date_gmt":"2021-01-07T16:14:28","guid":{"rendered":"http:\/\/ludzie.fundacja-pih.pl\/?post_type=product&#038;p=1158"},"modified":"2025-05-16T14:11:29","modified_gmt":"2025-05-16T14:11:29","slug":"badurska-eulalia","status":"publish","type":"product","link":"http:\/\/ludzie.fundacja-pih.pl\/index.php\/product\/badurska-eulalia\/","title":{"rendered":"Badurska Eulalia Maria"},"content":{"rendered":"<p>Urodzi\u0142a si\u0119 9 kwietnia 1929 w Gorzowie.<\/p>\n<p>Ekonomistka.<br \/>\nBy\u0142a pracownikiem Urz\u0119du Miejskiego w Gda\u0144sku. W latach 1978 \u2013 1989 prowadzi\u0142a dzia\u0142alno\u015b\u0107 opozycyjn\u0105. Od 1978 roku by\u0142a wsp\u00f3\u0142pracowniczk\u0105 Wolnych Zwi\u0105zk\u00f3w Zawodowych Wybrze\u017ca, po sierpniu 1980 roku wsp\u00f3\u0142za\u0142o\u017cycielk\u0105 NSZZ \u201eSolidarno\u015b\u0107\u201d w gda\u0144skim magistracie. W dniu wprowadzeniu stanu wojennego, 13 grudnia 1981 roku, zosta\u0142a zmuszona do odej\u015bcia na emerytur\u0119. Udost\u0119pnia\u0142a swoje mieszkanie na potrzeby podziemnych struktur \u201eSolidarno\u015bci\u201d. Dzia\u0142a\u0142a jako kolporterka oraz publicystka prasy niezale\u017cnej m. in.czasopism: \u201ePoza uk\u0142adem\u201d czy \u201eOrlik\u201d. Od 1989 roku prowadzi\u0142a jawne biuro \u201eSolidarno\u015bci Walcz\u0105cej\u201d w Tr\u00f3jmie\u015bcie. W 2010 roku otrzyma\u0142a Krzy\u017c \u201eSolidarno\u015bci Walcz\u0105cej\u201d. W roku 2011 decyzj\u0105 Prezydenta RP zosta\u0142a odznaczona Krzy\u017cem Kawalerskim Orderu Odrodzenia Polski, a w 2016 postanowieniem Prezydenta RP 64\/2016 Krzy\u017cem Wolno\u015bci i Solidarno\u015bci.<\/p>\n","protected":false},"excerpt":{"rendered":"<p>Urodzi\u0142a si\u0119 9 kwietnia 1929 w Gorzowie. Ekonomistka. By\u0142a pracownikiem Urz\u0119du Miejskiego w Gda\u0144sku. W latach 1978 \u2013 1989 prowadzi\u0142a dzia\u0142alno\u015b\u0107 opozycyjn\u0105. Od 1978 roku by\u0142a wsp\u00f3\u0142pracowniczk\u0105 Wolnych Zwi\u0105zk\u00f3w Zawodowych Wybrze\u017ca, po sierpniu 1980 roku wsp\u00f3\u0142za\u0142o\u017cycielk\u0105 NSZZ \u201eSolidarno\u015b\u0107\u201d w gda\u0144skim magistracie. W dniu wprowadzeniu stanu wojennego, 13 grudnia 1981 roku, zosta\u0142a zmuszona do odej\u015bcia na [&hellip;]<\/p>\n","protected":false},"featured_media":1763,"template":"","meta":[],"_links":{"self":[{"href":"http:\/\/ludzie.fundacja-pih.pl\/index.php\/wp-json\/wp\/v2\/product\/1158"}],"collection":[{"href":"http:\/\/ludzie.fundacja-pih.pl\/index.php\/wp-json\/wp\/v2\/product"}],"about":[{"href":"http:\/\/ludzie.fundacja-pih.pl\/index.php\/wp-json\/wp\/v2\/types\/product"}],"wp:featuredmedia":[{"embeddable":true,"href":"http:\/\/ludzie.fundacja-pih.pl\/index.php\/wp-json\/wp\/v2\/media\/1763"}],"wp:attachment":[{"href":"http:\/\/ludzie.fundacja-pih.pl\/index.php\/wp-json\/wp\/v2\/media?parent=1158"}],"curies":[{"name":"wp","href":"https:\/\/api.w.org\/{rel}","templated":true}]}}