{"id":1455,"date":"2021-01-25T11:47:45","date_gmt":"2021-01-25T11:47:45","guid":{"rendered":"http:\/\/ludzie.fundacja-pih.pl\/?post_type=product&#038;p=1455"},"modified":"2025-05-16T14:13:33","modified_gmt":"2025-05-16T14:13:33","slug":"kondratowicz-miroslawa","status":"publish","type":"product","link":"http:\/\/ludzie.fundacja-pih.pl\/index.php\/product\/kondratowicz-miroslawa\/","title":{"rendered":"Kondratowicz Miros\u0142awa"},"content":{"rendered":"<p>Urodzi\u0142a si\u0119 11 marca 1939 roku w Drui k. Bras\u0142awia (obecnie Bia\u0142oru\u015b)<\/p>\n<p>W 1945 roku, wraz z rodzin\u0105 zosta\u0142a repatriowana z Wilna na Dolny \u015al\u0105sk. W latach 1956 \u2013 1961 by\u0142a zatrudniona w zak\u0142adach Diora w Dzier\u017coniowie. W latach 1961 \u2013 1965 pracowa\u0142a w Przedsi\u0119biorstwie Budownictwa Uprzemys\u0142owionego we Wroc\u0142awiu. W latach 1965 \u20131968 we wroc\u0142awskiej Pa\u0144stwowej Fabryce Wagon\u00f3w. Od 1968 roku by\u0142a dekoratork\u0105 lalek we wroc\u0142awskiej Sp\u00f3\u0142dzielni Plecionka.<br \/>\nWe wrze\u015bniu 1980 roku wst\u0105pi\u0142a do NSZZ \u201eSolidarno\u015b\u0107\u201d. Po wprowadzeniu stanu wojennego, zaj\u0119\u0142a si\u0119 drukowaniem antyre\u017cimowych ulotek i plakat\u00f3w. Do 1989 roku bra\u0142a udzia\u0142 w wi\u0119kszo\u015bci wroc\u0142awskich protest\u00f3w ulicznych. W czerwcu 1982 roku zasili\u0142a szeregi \u201eSolidarno\u015bci Walcz\u0105cej\u201d. Udost\u0119pnia\u0142a mieszkanie dla potrzeb tzw. skrzynki kontaktowej i druku. Kolportowa\u0142a materia\u0142y poligraficzne i wydawnictwa podziemne. 6 czerwca 1984 roku zosta\u0142a zatrzymana, a w jej mieszkaniu przeprowadzono rewizj\u0119. Przebywa\u0142a w Areszcie \u015aledczym WUSW i ZK we Wroc\u0142awiu. 24 lipca 1984 roku zosta\u0142a zwolniona na mocy amnestii. Od sierpnia 1984 roku przesz\u0142a na rent\u0119. 6 pa\u017adziernika 1984 roku, zosta\u0142a zatrzymana i by\u0142a przes\u0142uchiwana. W okresie od 19 lutego do 31 sierpnia 1985 roku, uczestniczy\u0142a w rotacyjnym prote\u015bcie g\u0142odowym w Krakowie-Bie\u017canowie, a nast\u0119pnie w 24-godzinnej g\u0142od\u00f3wce w ko\u015bciele \u015bw. Klemensa Dworzaka we Wroc\u0142awiu. Organiozwa\u0142a pomoc dla os\u00f3b represjonowanych. W 1989 roku przesz\u0142a na emerytur\u0119. Miros\u0142awa Kondratowicz zosta\u0142a odznaczona Krzy\u017cem Solidarno\u015bci Walcz\u0105cej, Krzy\u017cem Honorowym Os\u00f3b Internetowych i Wi\u0119\u017ani\u00f3w Politycznych, Orderem M\u0119cze\u0144stwa i Zwyci\u0119stwa, Krzy\u017cem Semper Fidelis, Krzy\u017cem Kawalerskim Orderu Odrodzenia Polski, Krzy\u017cem Wolno\u015bci i Solidarno\u015bci oraz Krzy\u017cem Za Zas\u0142ugi dla Niepodleg\u0142o\u015bci. Miros\u0142awa Kondratowicz otrzyma\u0142a tak\u017ce Medal \u201eNiez\u0142omni\u201d oraz Medal 100-lecia Odzyskania Niepodleg\u0142o\u015bci.<\/p>\n","protected":false},"excerpt":{"rendered":"<p>Urodzi\u0142a si\u0119 11 marca 1939 roku w Drui k. Bras\u0142awia (obecnie Bia\u0142oru\u015b) W 1945 roku, wraz z rodzin\u0105 zosta\u0142a repatriowana z Wilna na Dolny \u015al\u0105sk. W latach 1956 \u2013 1961 by\u0142a zatrudniona w zak\u0142adach Diora w Dzier\u017coniowie. W latach 1961 \u2013 1965 pracowa\u0142a w Przedsi\u0119biorstwie Budownictwa Uprzemys\u0142owionego we Wroc\u0142awiu. W latach 1965 \u20131968 we wroc\u0142awskiej [&hellip;]<\/p>\n","protected":false},"featured_media":2725,"template":"","meta":[],"_links":{"self":[{"href":"http:\/\/ludzie.fundacja-pih.pl\/index.php\/wp-json\/wp\/v2\/product\/1455"}],"collection":[{"href":"http:\/\/ludzie.fundacja-pih.pl\/index.php\/wp-json\/wp\/v2\/product"}],"about":[{"href":"http:\/\/ludzie.fundacja-pih.pl\/index.php\/wp-json\/wp\/v2\/types\/product"}],"wp:featuredmedia":[{"embeddable":true,"href":"http:\/\/ludzie.fundacja-pih.pl\/index.php\/wp-json\/wp\/v2\/media\/2725"}],"wp:attachment":[{"href":"http:\/\/ludzie.fundacja-pih.pl\/index.php\/wp-json\/wp\/v2\/media?parent=1455"}],"curies":[{"name":"wp","href":"https:\/\/api.w.org\/{rel}","templated":true}]}}