{"id":1460,"date":"2021-01-25T11:54:14","date_gmt":"2021-01-25T11:54:14","guid":{"rendered":"http:\/\/ludzie.fundacja-pih.pl\/?post_type=product&#038;p=1460"},"modified":"2025-05-16T14:13:35","modified_gmt":"2025-05-16T14:13:35","slug":"krusinska-teresa","status":"publish","type":"product","link":"http:\/\/ludzie.fundacja-pih.pl\/index.php\/product\/krusinska-teresa\/","title":{"rendered":"Krusi\u0144ska Teresa"},"content":{"rendered":"<p>Urodzi\u0142a si\u0119 8 listopada 1952 w Skajsterach k. Wilna(obecnie Litwa), (z d. Jurewicz)<\/p>\n<p>W 1958 roku zosta\u0142a repatriowana do Polski. W 1977 roku uko\u0144czy\u0142a Technikum Energetyczne we Wroc\u0142awiu. W latach 1972 \u2013 1975 pracowa\u0142a jako referentka w Zak\u0142adzie Do\u015bwiadczalnym Automatyki Energetycznej we Wroc\u0142awiu. Od lipca do pa\u017adziernika 1975 roku pozostawa\u0142a bez zatrudnienia. Nast\u0119pnie, do 1979 roku pracowa\u0142a jako monter, brygadzistka i pracownik biurowy w Dolno\u015bl\u0105skich Zak\u0142adach Elektronicznych Centrum Unitra-Dolam we Wroc\u0142awiu. W latach 1979 \u2013 1985 by\u0142a sprzedawczyni\u0105 w RSW Prasa\u2013Ksi\u0105\u017cka\u2013Ruch tam\u017ce. We wrze\u015bniu 1980 roku wst\u0105pi\u0142a do NSZZ \u201eSolidarno\u015b\u0107\u201d. W latach 1982 \u2013 1990 by\u0142a zaprzysi\u0119\u017conym cz\u0142onkiem \u201eSolidarno\u015bci Walcz\u0105cej\u201d. W latach 1982 \u2013 1983 wsp\u00f3\u0142organizowa\u0142a z m\u0119\u017cem Janem zesp\u00f3\u0142 Radia SW. W latach 1983 \u2013 1990 by\u0142a redaktorem Radia SW, spikerk\u0105, wsp\u00f3\u0142organizatork\u0105 emisji audycji w r\u00f3\u017cnych cz\u0119\u015bciach Polski, g\u0142\u00f3wnie we Wroc\u0142awiu. Od 1984 roku pe\u0142ni\u0142a fukcj\u0119 kierownika w redakcji Radia SW. W latach  1985 \u2013 1986 by\u0142a zatrudniona jako sekretarka we wroc\u0142awskim Biurze T\u0142umacze\u0144 Technicznych. W latach 1986 \u2013 1987 wsp\u00f3\u0142pracowa\u0142a z m\u0119\u017cem w prowadzonym przez niego zak\u0142adzie naprawy telewizor\u00f3w Tele-radiomechanika. Od 2010 roku Teresa Krusi\u0144ska nale\u017cy do Stowarzyszenia \u201eSolidarno\u015b\u0107 Walcz\u0105ca\u201d. Zosta\u0142a odznaczona Krzy\u017cem Oficerskim Orderu Odrodzenia Polski.<\/p>\n","protected":false},"excerpt":{"rendered":"<p>Urodzi\u0142a si\u0119 8 listopada 1952 w Skajsterach k. Wilna(obecnie Litwa), (z d. Jurewicz) W 1958 roku zosta\u0142a repatriowana do Polski. W 1977 roku uko\u0144czy\u0142a Technikum Energetyczne we Wroc\u0142awiu. W latach 1972 \u2013 1975 pracowa\u0142a jako referentka w Zak\u0142adzie Do\u015bwiadczalnym Automatyki Energetycznej we Wroc\u0142awiu. Od lipca do pa\u017adziernika 1975 roku pozostawa\u0142a bez zatrudnienia. Nast\u0119pnie, do 1979 [&hellip;]<\/p>\n","protected":false},"featured_media":1461,"template":"","meta":[],"_links":{"self":[{"href":"http:\/\/ludzie.fundacja-pih.pl\/index.php\/wp-json\/wp\/v2\/product\/1460"}],"collection":[{"href":"http:\/\/ludzie.fundacja-pih.pl\/index.php\/wp-json\/wp\/v2\/product"}],"about":[{"href":"http:\/\/ludzie.fundacja-pih.pl\/index.php\/wp-json\/wp\/v2\/types\/product"}],"wp:featuredmedia":[{"embeddable":true,"href":"http:\/\/ludzie.fundacja-pih.pl\/index.php\/wp-json\/wp\/v2\/media\/1461"}],"wp:attachment":[{"href":"http:\/\/ludzie.fundacja-pih.pl\/index.php\/wp-json\/wp\/v2\/media?parent=1460"}],"curies":[{"name":"wp","href":"https:\/\/api.w.org\/{rel}","templated":true}]}}