{"id":1508,"date":"2021-01-25T12:30:41","date_gmt":"2021-01-25T12:30:41","guid":{"rendered":"http:\/\/ludzie.fundacja-pih.pl\/?post_type=product&#038;p=1508"},"modified":"2025-05-16T14:13:51","modified_gmt":"2025-05-16T14:13:51","slug":"panczyszyn-jan","status":"publish","type":"product","link":"http:\/\/ludzie.fundacja-pih.pl\/index.php\/product\/panczyszyn-jan\/","title":{"rendered":"Pa\u0144czyszyn Jan"},"content":{"rendered":"<p>Urodzi\u0142 si\u0119 1 kwietnia 1961 roku w Po\u0142czynie-Zdroju.<\/p>\n<p>W 1989 roku uko\u0144czy\u0142 studia na Wydziale Ekonomicznym  Uniwersytetu Szczeci\u0144skiego. W 1983 roku rozpocz\u0105\u0142 dzia\u0142alno\u015b\u0107 w  mi\u0119dzyuczelnianej grupie NZS (z Marzen\u0105 Szczeglewsk\u0105, Grzegorzem Wilczy\u0144skim, Krzysztofem Podkowi\u0144skim i Ew\u0105 Siudek) oraz w strukturach \u201eSolidarno\u015bci Walcz\u0105cej\u201d (z Krzysztofem Korczakiem). Pozostawa\u0142 w kontakcie z PPS (poprzez Jana Kosteckiego) i Federacj\u0105 M\u0142odzie\u017cy Walcz\u0105cej (poprzez Ew\u0119 i Roberta Naklickich). Dzia\u0142a\u0142 w podziemiu do 1989 roku. Organizowa\u0142  \u015brodki finansowe, dostarcza\u0142 sprz\u0119t poligraficzny dla podziemnego pisma \u201eGrot\u201d, by\u0142 autorem tekst\u00f3w, drukarzem ulotek i pism. Organizowa\u0142  transport, kolportowa\u0142 wydawnictwa podziemne w tym m.in. \u201eKOS\u201d, \u201eTygodnik Mazowsze\u201d, \u201eBIS\u201d, \u201eGrot\u201d, \u201eObraz\u201d, \u201eOkno\u201d, \u201eGryf\u201d, \u201eOgniwo\u201d, \u201eLustro\u201d, \u201eCzarna Skrzynka\u201d, ksi\u0105\u017cki NOWej oraz Kr\u0119gu. By\u0142 kurierem do Warszawy i Krakowa. W latach 1983 \u2013 1984 by\u0142 wielokrotnie zatrzymywany na 48 godzin. W 1984 roku wsp\u00f3\u0142organizowa\u0142 nieformalne spotkania student\u00f3w z dzia\u0142aczami opozycji. Bra\u0142 udzia\u0142 w antyre\u017cimowych demonstracjach i akcjach malowania antykomunistycznych napis\u00f3w na murach. 29 stycznia 1986 roku zosta\u0142 aresztowany. By\u0142 przetrzymywany w Areszcie \u015aledczym w Szczecinie. W trakcie pobytu w areszcie uczestniczy\u0142 w 10-dniowej g\u0142od\u00f3wce w solidarno\u015bci ze Zdzis\u0142awem Podolskim. W  lipcu 1986 roku zosta\u0142 zwolniony na mocy amnestii. W tym samym roku relegowano go z uczelni. By\u0142 wielokrotnie przes\u0142uchiwany i poddawany rewizjom. W sierpniu 1988 roku udziela\u0142 si\u0119 w grupie pomocowej przy parafii \u015bw. Andrzeja Boboli w Szczecinie (klasztor oo. jezuit\u00f3w). Wspomaga\u0142 strajki m.in. przez druk odezw i ulotek strajkowych, organizacj\u0119 i dostaw\u0119 \u017cywno\u015bci oraz wydawnictw podziemnych dla strajkuj\u0105cych. Do 1989 roku nale\u017ca\u0142 do Duszpasterstwa Akademickiego przy klasztorze oo. jezuit\u00f3w. W latach 1985 \u2013 1986 by\u0142 rozpracowywany przez Wydz. III-1 WUSW w Szczecinie w ramach SOS o kryptonimie \u201eAmant\u201d i SOS\/SOR o kryptonimie \u201eMruki\u201d. W latach 1986 \u2013 1987 by\u0142 rozpracowywany przez Wydz. III-1 WUSW w Szczecinie w ramach SOR o kryptonimie \u201eZrzeszenie\u201d. W latach 1987 \u2013 1990 by\u0142 rozpracowywany przez Wydz. III-1\/OKPP WUSW w Szczecinie w ramach SO o kryptonimie \u201ePedagog\u201d.<\/p>\n","protected":false},"excerpt":{"rendered":"<p>Urodzi\u0142 si\u0119 1 kwietnia 1961 roku w Po\u0142czynie-Zdroju. W 1989 roku uko\u0144czy\u0142 studia na Wydziale Ekonomicznym Uniwersytetu Szczeci\u0144skiego. W 1983 roku rozpocz\u0105\u0142 dzia\u0142alno\u015b\u0107 w mi\u0119dzyuczelnianej grupie NZS (z Marzen\u0105 Szczeglewsk\u0105, Grzegorzem Wilczy\u0144skim, Krzysztofem Podkowi\u0144skim i Ew\u0105 Siudek) oraz w strukturach \u201eSolidarno\u015bci Walcz\u0105cej\u201d (z Krzysztofem Korczakiem). Pozostawa\u0142 w kontakcie z PPS (poprzez Jana Kosteckiego) i Federacj\u0105 [&hellip;]<\/p>\n","protected":false},"featured_media":906,"template":"","meta":[],"_links":{"self":[{"href":"http:\/\/ludzie.fundacja-pih.pl\/index.php\/wp-json\/wp\/v2\/product\/1508"}],"collection":[{"href":"http:\/\/ludzie.fundacja-pih.pl\/index.php\/wp-json\/wp\/v2\/product"}],"about":[{"href":"http:\/\/ludzie.fundacja-pih.pl\/index.php\/wp-json\/wp\/v2\/types\/product"}],"wp:featuredmedia":[{"embeddable":true,"href":"http:\/\/ludzie.fundacja-pih.pl\/index.php\/wp-json\/wp\/v2\/media\/906"}],"wp:attachment":[{"href":"http:\/\/ludzie.fundacja-pih.pl\/index.php\/wp-json\/wp\/v2\/media?parent=1508"}],"curies":[{"name":"wp","href":"https:\/\/api.w.org\/{rel}","templated":true}]}}