{"id":1604,"date":"2021-01-27T09:25:14","date_gmt":"2021-01-27T09:25:14","guid":{"rendered":"http:\/\/ludzie.fundacja-pih.pl\/?post_type=product&#038;p=1604"},"modified":"2025-05-16T14:14:21","modified_gmt":"2025-05-16T14:14:21","slug":"jakubowski-jacek-kalisz","status":"publish","type":"product","link":"http:\/\/ludzie.fundacja-pih.pl\/index.php\/product\/jakubowski-jacek-kalisz\/","title":{"rendered":"Jakubowski Jacek (Kalisz)"},"content":{"rendered":"<p>Urodzi\u0142 si\u0119 . 9 sierpnia 1960 roku w Kaliszu.<\/p>\n<p>W 1981 roku uko\u0144czy\u0142 Technikum Mechaniczne w Kaliszu. W latach 1981 \u2013 1982 pracowa\u0142 w kaliskiej Fabryce Wyrob\u00f3w A\u017curowych \u201eHaft\u201d. Od marca 1981 roku pe\u0142ni\u0142 funkcj\u0119 wiceprzewodnicz\u0105cego Ko\u0142a Zwi\u0105zku M\u0142odzie\u017cy Demokratycznej w Kaliszu. 14 maja 1981 roku zosta\u0142 wybrany na stanowisko wiceprzewodnicz\u0105cego Rady Okr\u0119gowej ZMD w Kaliszu. W 1981 roku wst\u0105pi\u0142 do NSZZ \u201eSolidarno\u015b\u0107\u201d. Po wprowadzeniu stanu wojennego 13 grudnia 1981 roku, wywiesi\u0142 w gablocie ZR apel do cz\u0142onk\u00f3w ZMD z pro\u015bb\u0105 o kontakt z Zarz\u0105dem ZMD. Po 13 grudnia 1981 roku rozpocz\u0105\u0142 wsp\u00f3\u0142prac\u0119 z tajnym Tymczasowym Komitetem Koordynacyjnym \u201eS\u201d Regionu Wielkopolska Po\u0142udniowa. Kolportowa\u0142 pras\u0119 podziemn\u0105. 14 grudnia 1981 roku bra\u0142 udzia\u0142 w kilkugodzinnym przestoju w FWA Haft. W latach 1982 \u2013 1984 obywa\u0142 zasadnicz\u0105 s\u0142u\u017cb\u0119 wojskow\u0105. W grudniu 1984 roku  wst\u0105pi\u0142 w struktury \u201eSolidarno\u015bci Walcz\u0105cej\u201d i zosta\u0142 jej zaprzysi\u0119\u017conym cz\u0142onkiem. Wsp\u00f3\u0142organizowa\u0142 grup\u0119 SW w Kaliszu razem z Mariuszem Harendarzem i Jerzym Koz\u0142owskim. Organizowa\u0142 druk podziemnych wydawnictw. Drukowa\u0142 we w\u0142asnym mieszkaniu pismo \u201eSolidarno\u015b\u0107 Walcz\u0105ca\u201d i ulotki. Wsp\u00f3\u0142organizowa\u0142 kolporta\u017c prasy podziemnej z Poznania, m.in. wydawnictw SW i \u201eObserwatora Wielkopolskiego\u201d oraz z Wroc\u0142awia, m.in. \u201eTygodnika Solidarno\u015b\u0107\u201d, \u201eZ Dnia na Dzie\u0144\u201d, \u201eTygodnika Mazowsze\u201d, oraz lokalnej \u201eNaszej Solidarno\u015bci\u201d (we wsp\u00f3\u0142pracy na terenie Kalisza m.in. z Antonim i Jerzym Pietkiewiczami, Mari\u0105 Kowalewsk\u0105, Ma\u0142gorzat\u0105 Piotrowsk\u0105 i Andrzejem Furmag\u0105). 26 kwietnia 1985 roku zosta\u0142 aresztowany. By\u0142 przetrzymywany w Areszcie \u015aledczym w Kaliszu. Wyrokiem S\u0105du Rejonowego w Kaliszu skazano go na kar\u0119 jednego roku wi\u0119zienia. Zosta\u0142 osadzony w ZK w Kaliszu. Po apelacji i zawieszeniu wyroku przez S\u0105d Okr\u0119gowy w Kaliszu zwolniono go 13 pa\u017adziernika 1985 roku. W latach 1984 \u2013 1988 wsp\u00f3\u0142organizowa\u0142 patriotyczne mszy \u015bw. w ko\u015bciele oo. Jezuit\u00f3w w Kaliszu. W 1985 roku by\u0142 zatrudniony w  kaliskim Wojew\u00f3dzkim Szpitalu Zespolonym. A w 1986 w prywatnej firmie budowlanej. W latach 1986 \u2013 1987 by\u0142 pracownikiem Pa\u0144stwowego Przedsi\u0119biorstwa Uzdrowiskowego L\u0105dek-D\u0142ugopole. W latach 1987 \u2013 1989 pracowa\u0142 w prywatnym zak\u0142adzie \u015blusarskim. Od 1989 roku pracowa\u0142 kolejno jako kontroler, tokarz, kierownik w Przedsi\u0119biorstwie Us\u0142ug Komunalnych. W pa\u017adzierniku 1989 roku zosta\u0142 przewodnicz\u0105cym KZ \u201eS\u201d w PUK. Od stycznia do pa\u017adziernika 1985 roku, by\u0142 rozpracowywany przez Wydz. III WUSW w Kaliszu w ramach SOR o kryptonimie \u201eWaleczni\u201d. Do 11grudnia 1986 roku przez Wydz. III WUSW w Kaliszu w ramach KE o kryptonimie \u201eRudy\u201d.<\/p>\n","protected":false},"excerpt":{"rendered":"<p>Urodzi\u0142 si\u0119 . 9 sierpnia 1960 roku w Kaliszu. W 1981 roku uko\u0144czy\u0142 Technikum Mechaniczne w Kaliszu. W latach 1981 \u2013 1982 pracowa\u0142 w kaliskiej Fabryce Wyrob\u00f3w A\u017curowych \u201eHaft\u201d. Od marca 1981 roku pe\u0142ni\u0142 funkcj\u0119 wiceprzewodnicz\u0105cego Ko\u0142a Zwi\u0105zku M\u0142odzie\u017cy Demokratycznej w Kaliszu. 14 maja 1981 roku zosta\u0142 wybrany na stanowisko wiceprzewodnicz\u0105cego Rady Okr\u0119gowej ZMD w [&hellip;]<\/p>\n","protected":false},"featured_media":1605,"template":"","meta":[],"_links":{"self":[{"href":"http:\/\/ludzie.fundacja-pih.pl\/index.php\/wp-json\/wp\/v2\/product\/1604"}],"collection":[{"href":"http:\/\/ludzie.fundacja-pih.pl\/index.php\/wp-json\/wp\/v2\/product"}],"about":[{"href":"http:\/\/ludzie.fundacja-pih.pl\/index.php\/wp-json\/wp\/v2\/types\/product"}],"wp:featuredmedia":[{"embeddable":true,"href":"http:\/\/ludzie.fundacja-pih.pl\/index.php\/wp-json\/wp\/v2\/media\/1605"}],"wp:attachment":[{"href":"http:\/\/ludzie.fundacja-pih.pl\/index.php\/wp-json\/wp\/v2\/media?parent=1604"}],"curies":[{"name":"wp","href":"https:\/\/api.w.org\/{rel}","templated":true}]}}