{"id":1723,"date":"2021-02-01T11:39:21","date_gmt":"2021-02-01T11:39:21","guid":{"rendered":"http:\/\/ludzie.fundacja-pih.pl\/?post_type=product&#038;p=1723"},"modified":"2025-05-16T14:14:55","modified_gmt":"2025-05-16T14:14:55","slug":"glowa-wladek","status":"publish","type":"product","link":"http:\/\/ludzie.fundacja-pih.pl\/index.php\/product\/glowa-wladek\/","title":{"rendered":"G\u0142owa W\u0142adek"},"content":{"rendered":"<p>Urodzi\u0142 si\u0119 21 marca 1957 roku w Krakowie.<\/p>\n<p>Uko\u0144czy\u0142 Technikum Hutniczo &#8211; Mechaniczne (THM) w Nowej Hucie, specjalno\u015b\u0107 \u015blusarz \u2013 mechanik. By\u0142 zatrudniony w Hucie im. Lenina w Krakowie-Nowej Hucie. We wrze\u015bniu 1980 wst\u0105pi\u0142 do NSZZ \u201eSolidarno\u015b\u0107\u201d. Nast\u0119pnie zosta\u0142 motorniczym tramwaj\u00f3w w krakowskim MPK. W latach 1987 \u2013 1992 pracowa\u0142 w Sp\u00f3\u0142dzielni Pracy Us\u0142ug Wysoko\u015bciowych \u201e\u015awietlik\u201d w Gda\u0144sku. Na pocz\u0105tku 1982 roku rozpocz\u0105\u0142 dzia\u0142alno\u015b\u0107 podziemn\u0105. Po powstaniu Porozumienia Prasowego \u201eSolidarno\u015b\u0107 Zwyci\u0119\u017cy\u201d zosta\u0142 cz\u0142onkiem tej struktury, kolportowa\u0142 m.in. czasopisma \u201eSolidarno\u015b\u0107 Zwyci\u0119\u017cy\u201d, \u201eMontinowca\u201d, \u201eSolidarno\u015b\u0107 Walcz\u0105c\u0105\u201d. Wiele razy by\u0142 wysy\u0142any jako kurier do Warszawy (przew\u00f3z prasy niezale\u017cnej, literatury, plakat\u00f3w i blach offsetowych \u201eTygodnika Mazowsze\u201d do dodruku w Krakowie). W 1985 roku przy\u0142\u0105czy\u0142 si\u0119 do krakowskiego oddzia\u0142u \u201eSolidarno\u015bci Walcz\u0105cej\u201d. Posiada Status Dzia\u0142acza Opozycji Antykomunistycznej. <\/p>\n","protected":false},"excerpt":{"rendered":"<p>Urodzi\u0142 si\u0119 21 marca 1957 roku w Krakowie. Uko\u0144czy\u0142 Technikum Hutniczo &#8211; Mechaniczne (THM) w Nowej Hucie, specjalno\u015b\u0107 \u015blusarz \u2013 mechanik. By\u0142 zatrudniony w Hucie im. Lenina w Krakowie-Nowej Hucie. We wrze\u015bniu 1980 wst\u0105pi\u0142 do NSZZ \u201eSolidarno\u015b\u0107\u201d. Nast\u0119pnie zosta\u0142 motorniczym tramwaj\u00f3w w krakowskim MPK. W latach 1987 \u2013 1992 pracowa\u0142 w Sp\u00f3\u0142dzielni Pracy Us\u0142ug Wysoko\u015bciowych [&hellip;]<\/p>\n","protected":false},"featured_media":1724,"template":"","meta":[],"_links":{"self":[{"href":"http:\/\/ludzie.fundacja-pih.pl\/index.php\/wp-json\/wp\/v2\/product\/1723"}],"collection":[{"href":"http:\/\/ludzie.fundacja-pih.pl\/index.php\/wp-json\/wp\/v2\/product"}],"about":[{"href":"http:\/\/ludzie.fundacja-pih.pl\/index.php\/wp-json\/wp\/v2\/types\/product"}],"wp:featuredmedia":[{"embeddable":true,"href":"http:\/\/ludzie.fundacja-pih.pl\/index.php\/wp-json\/wp\/v2\/media\/1724"}],"wp:attachment":[{"href":"http:\/\/ludzie.fundacja-pih.pl\/index.php\/wp-json\/wp\/v2\/media?parent=1723"}],"curies":[{"name":"wp","href":"https:\/\/api.w.org\/{rel}","templated":true}]}}