{"id":2112,"date":"2021-03-17T09:24:56","date_gmt":"2021-03-17T09:24:56","guid":{"rendered":"http:\/\/ludzie.fundacja-pih.pl\/?post_type=product&#038;p=2112"},"modified":"2025-05-16T14:16:51","modified_gmt":"2025-05-16T14:16:51","slug":"kowal-roman","status":"publish","type":"product","link":"http:\/\/ludzie.fundacja-pih.pl\/index.php\/product\/kowal-roman\/","title":{"rendered":"Kowal Roman"},"content":{"rendered":"<p>Urodzi\u0142 si\u0119 w 1958 we Wroc\u0142awiu. <\/p>\n<p>W 1985 roku uko\u0144czy\u0142 studia na Akademii Rolniczej we Wroc\u0142awiu. . W latach 1979 &#8211; 1983 by\u0142 dzia\u0142aczem Akademickiego Zwi\u0105zku Sportowego. W grudniu 1981 roku przy\u0142\u0105czy\u0142 si\u0119 do opozycji antykomunistycznej, a w ramach swej dzia\u0142alno\u015bci zorganizowa\u0142 grup\u0119 oko\u0142o 10 kolporter\u00f3w prasy podziemnej (g\u0142\u00f3wnie student\u00f3w Akademii Rolniczej we Wroc\u0142awiu), wsp\u00f3\u0142pracuj\u0105cych m.in. z podziemnymi strukturami \u201eSolidarno\u015bci\u201d we wroc\u0142awskim Pafawagu. Na prze\u0142omie 1981 i 1982 roku w jego mieszkaniu funkcjonowa\u0142a tzw. skrzynka kontaktowa. W kwietniu 1982 roku zosta\u0142 zatrzymany i internowany: poczatkowo, do lipca 1982 roku w O\u015brodku Odosobnienia w Nysie, nast\u0119pnie od lipca do pa\u017adziernika 1982 roku w O\u015brodku Odosobnienia w Grodkowie. Po zwolnieniu z internowania kontynuowa\u0142 dzia\u0142alno\u015b\u0107 konspiracyjn\u0105. By\u0142 zaanga\u017cowany w druk i kolporta\u017c, wsp\u00f3\u0142pracowa\u0142 z \u201eSolidarno\u015bci\u0105 Walcz\u0105c\u0105\u201d. Bra\u0142 udzia\u0142 w licznych manifestacji antyre\u017cimowych organizowanych przez wroc\u0142awskie struktury podziemne. Uczestniczy\u0142 w akcji oblania benzyn\u0105 i podpalenia propagandowych plakat\u00f3w propagandowych na pl. Grunwaldzkim we Wroc\u0142awiu. W 1986 roku przyznano mu rent\u0119 inwalidzk\u0105. Po uko\u0144czeniu studi\u00f3w, ze wzgl\u0119du na z\u0142y stan zdrowia, pomimo licznych pr\u00f3b, nie by\u0142 w stanie podj\u0105\u0107 sta\u0142ej pracy zawodowej. Obecnie jest zatrudniony jako pracownik fizyczny.<\/p>\n","protected":false},"excerpt":{"rendered":"<p>Urodzi\u0142 si\u0119 w 1958 we Wroc\u0142awiu. W 1985 roku uko\u0144czy\u0142 studia na Akademii Rolniczej we Wroc\u0142awiu. . W latach 1979 &#8211; 1983 by\u0142 dzia\u0142aczem Akademickiego Zwi\u0105zku Sportowego. W grudniu 1981 roku przy\u0142\u0105czy\u0142 si\u0119 do opozycji antykomunistycznej, a w ramach swej dzia\u0142alno\u015bci zorganizowa\u0142 grup\u0119 oko\u0142o 10 kolporter\u00f3w prasy podziemnej (g\u0142\u00f3wnie student\u00f3w Akademii Rolniczej we Wroc\u0142awiu), wsp\u00f3\u0142pracuj\u0105cych [&hellip;]<\/p>\n","protected":false},"featured_media":906,"template":"","meta":[],"_links":{"self":[{"href":"http:\/\/ludzie.fundacja-pih.pl\/index.php\/wp-json\/wp\/v2\/product\/2112"}],"collection":[{"href":"http:\/\/ludzie.fundacja-pih.pl\/index.php\/wp-json\/wp\/v2\/product"}],"about":[{"href":"http:\/\/ludzie.fundacja-pih.pl\/index.php\/wp-json\/wp\/v2\/types\/product"}],"wp:featuredmedia":[{"embeddable":true,"href":"http:\/\/ludzie.fundacja-pih.pl\/index.php\/wp-json\/wp\/v2\/media\/906"}],"wp:attachment":[{"href":"http:\/\/ludzie.fundacja-pih.pl\/index.php\/wp-json\/wp\/v2\/media?parent=2112"}],"curies":[{"name":"wp","href":"https:\/\/api.w.org\/{rel}","templated":true}]}}