{"id":2230,"date":"2021-03-21T14:17:28","date_gmt":"2021-03-21T14:17:28","guid":{"rendered":"http:\/\/ludzie.fundacja-pih.pl\/?post_type=product&#038;p=2230"},"modified":"2025-05-16T14:17:44","modified_gmt":"2025-05-16T14:17:44","slug":"bak-szczepan","status":"publish","type":"product","link":"http:\/\/ludzie.fundacja-pih.pl\/index.php\/product\/bak-szczepan\/","title":{"rendered":"B\u0105k Szczepan"},"content":{"rendered":"<p>Urodzi\u0142 si\u0119 10 lutego 1938 roku w Lipnie na Podlasiu, zmar\u0142 28 kwietnia 1989 roku w Nowej Soli.<\/p>\n<p>By\u0142 synem Jana i Marianny z domu Felczak. Po uko\u0144czeniu Technikum Chemicznego zosta\u0142 zatrudniony w Lidze Przyjaci\u00f3\u0142 \u017bo\u0142nierza w \u0141osicach. W 1960 roku po\u015blubi\u0142 Janin\u0119 Michalsk\u0105, z kt\u00f3r\u0105 mia\u0142 c\u00f3rk\u0119 Dorot\u0119. Po przeprowadzce do Nowej Soli podj\u0105\u0142 prac\u0119 w gazowni a p\u00f3\u017aniej w CPN. Od 1964 roku pracowa\u0142 w Dolno\u015bl\u0105skich Zak\u0142adach Metalurgicznych \u201eDOZAMET\u201d w laboratorium chemicznym. Podj\u0105\u0142 r\u00f3wnie\u017c studia na Politechnice \u0141\u00f3dzkiej i zosta\u0142 kierownikiem Ma\u0142ej Odlewni. W 1980 roku za\u0142o\u017cy\u0142 w swoim zak\u0142adzie pracy struktury NSZZ \u201eSolidarno\u015b\u0107\u201d i zosta\u0142 przewodnicz\u0105cym Komisji Zak\u0142adowej. W zwi\u0105zku z wprowadzeniem stanu wojennego zosta\u0142 internowany 13 grudnia 1981 roku. Przebywa\u0142 w areszcie z Zielonej G\u00f3rze, w G\u0142ogowie i w Ostrowie Wielkopolskim. P\u00f3\u017aniej w O\u015brodku Odosobnienia w G\u0119barzewie i Zak\u0142adzie Karnym w Kwidzynie, sk\u0105d zosta\u0142 zwolniony w listopadzie 1982 roku. Ponownie zosta\u0142 aresztowany w marcu 1984 roku. By\u0142 w\u00f3wczas przetrzymywany w Areszcie \u015aledczym w Zielonej G\u00f3rze, sk\u0105d zosta\u0142 warunkowo zwolniony w czerwcu tego samego roku. Dzia\u0142a\u0142 aktywnie w podziemnych strukturach \u201eSolidarno\u015bci\u201d m.in. drukuj\u0105c ulotki (ze Zdzis\u0142awem Szukalskim) i pras\u0119 podziemn\u0105 (z Janem Wodeckim). Organizowa\u0142 kolporta\u017c na terenie Nowej Soli i jej okolic. Stworzy\u0142 siatk\u0119 kuriersk\u0105 do Wroc\u0142awia. Nawi\u0105za\u0142 wsp\u00f3\u0142prac\u0119 z \u201eSolidarno\u015bci\u0105 Walcz\u0105c\u0105\u201d i za\u0142o\u017cy\u0142 jej oddzia\u0142 w Nowej Soli. W  mi\u0119dzyczasie zainicjowa\u0142 wykonanie drugiego sztandaru NSZZ \u201eSolidarno\u015b\u0107\u201d \u201eDOZAMET-u\u201d. <\/p>\n","protected":false},"excerpt":{"rendered":"<p>Urodzi\u0142 si\u0119 10 lutego 1938 roku w Lipnie na Podlasiu, zmar\u0142 28 kwietnia 1989 roku w Nowej Soli. By\u0142 synem Jana i Marianny z domu Felczak. Po uko\u0144czeniu Technikum Chemicznego zosta\u0142 zatrudniony w Lidze Przyjaci\u00f3\u0142 \u017bo\u0142nierza w \u0141osicach. W 1960 roku po\u015blubi\u0142 Janin\u0119 Michalsk\u0105, z kt\u00f3r\u0105 mia\u0142 c\u00f3rk\u0119 Dorot\u0119. Po przeprowadzce do Nowej Soli podj\u0105\u0142 [&hellip;]<\/p>\n","protected":false},"featured_media":3514,"template":"","meta":[],"_links":{"self":[{"href":"http:\/\/ludzie.fundacja-pih.pl\/index.php\/wp-json\/wp\/v2\/product\/2230"}],"collection":[{"href":"http:\/\/ludzie.fundacja-pih.pl\/index.php\/wp-json\/wp\/v2\/product"}],"about":[{"href":"http:\/\/ludzie.fundacja-pih.pl\/index.php\/wp-json\/wp\/v2\/types\/product"}],"wp:featuredmedia":[{"embeddable":true,"href":"http:\/\/ludzie.fundacja-pih.pl\/index.php\/wp-json\/wp\/v2\/media\/3514"}],"wp:attachment":[{"href":"http:\/\/ludzie.fundacja-pih.pl\/index.php\/wp-json\/wp\/v2\/media?parent=2230"}],"curies":[{"name":"wp","href":"https:\/\/api.w.org\/{rel}","templated":true}]}}