{"id":2757,"date":"2021-04-29T12:19:21","date_gmt":"2021-04-29T12:19:21","guid":{"rendered":"http:\/\/ludzie.fundacja-pih.pl\/?post_type=product&#038;p=2757"},"modified":"2025-05-16T14:19:24","modified_gmt":"2025-05-16T14:19:24","slug":"kozakowska-sylwia","status":"publish","type":"product","link":"http:\/\/ludzie.fundacja-pih.pl\/index.php\/product\/kozakowska-sylwia\/","title":{"rendered":"Kozakowska Sylwia"},"content":{"rendered":"<p>Urodzi\u0142a si\u0119 21 wrze\u015bnia 1947 roku we Wroc\u0142awiu.<\/p>\n<p>W trakcie studi\u00f3w na Wydziale Pedagogiki Uniwersytetu Wroc\u0142awskiego czynnie uczestniczy\u0142a w protestach przeciw cenzurze i represjom. Rozrzuca\u0142a ulotki oraz bra\u0142a udzia\u0142 w antyre\u017cimowych manifestacjach ulicznych. Po studiach, pracuj\u0105c na uczelni, rozpowszechnia\u0142a w\u015br\u00f3d student\u00f3w nielegalne, wydawane na Zachodzie ksi\u0105\u017cki. W 1979 roku zacz\u0119\u0142a rozprowadza\u0107 \u201eBiuletyn Dolno\u015bl\u0105ski\u201d i bra\u0107 udzia\u0142 w spotkaniach z osobami z kr\u0119gu opozycji. W 1980 roku zaanga\u017cowa\u0142a si\u0119 w tworzenie NSZZ \u201eSolidarno\u015b\u0107\u201d na swojej uczelni i w nim dzia\u0142a\u0142a. Do organizacji \u201eSolidarno\u015b\u0107 Walcz\u0105ca\u201d zosta\u0142a wprowadzona przez Ma\u0142gorzat\u0119 Martynowsk\u0105. 14 grudnia 1983 roku zosta\u0142a zatrzymana. Kilkakrotnie by\u0142a tak\u017ce zatrzymywana na 48 godzin. 11 kwietnia 1984 roku Sylwi\u0119 Kozakowsk\u0105 aresztowano. Przebywa\u0142a w wi\u0119zieniach na Podwalu, przy ul. Kleczkowskiej oraz w Krzywa\u0144cu. 22 czerwca tego samego roku areszt uchylono. W trakcie og\u00f3lnoposlkiej akcji \u201eBrzoza III\u201d , maj\u0105cej na celu neutralizacj\u0119 wp\u0142yw\u00f3w \u201eSolidarno\u015bci Walcz\u0105cej\u201d, w mieszkaniu Sylwii Kozakowskiej zostaje przeprowadzona rewizja w dniu 11 kwietnia 1987 roku. <\/p>\n","protected":false},"excerpt":{"rendered":"<p>Urodzi\u0142a si\u0119 21 wrze\u015bnia 1947 roku we Wroc\u0142awiu. W trakcie studi\u00f3w na Wydziale Pedagogiki Uniwersytetu Wroc\u0142awskiego czynnie uczestniczy\u0142a w protestach przeciw cenzurze i represjom. Rozrzuca\u0142a ulotki oraz bra\u0142a udzia\u0142 w antyre\u017cimowych manifestacjach ulicznych. Po studiach, pracuj\u0105c na uczelni, rozpowszechnia\u0142a w\u015br\u00f3d student\u00f3w nielegalne, wydawane na Zachodzie ksi\u0105\u017cki. W 1979 roku zacz\u0119\u0142a rozprowadza\u0107 \u201eBiuletyn Dolno\u015bl\u0105ski\u201d i bra\u0107 [&hellip;]<\/p>\n","protected":false},"featured_media":2758,"template":"","meta":[],"_links":{"self":[{"href":"http:\/\/ludzie.fundacja-pih.pl\/index.php\/wp-json\/wp\/v2\/product\/2757"}],"collection":[{"href":"http:\/\/ludzie.fundacja-pih.pl\/index.php\/wp-json\/wp\/v2\/product"}],"about":[{"href":"http:\/\/ludzie.fundacja-pih.pl\/index.php\/wp-json\/wp\/v2\/types\/product"}],"wp:featuredmedia":[{"embeddable":true,"href":"http:\/\/ludzie.fundacja-pih.pl\/index.php\/wp-json\/wp\/v2\/media\/2758"}],"wp:attachment":[{"href":"http:\/\/ludzie.fundacja-pih.pl\/index.php\/wp-json\/wp\/v2\/media?parent=2757"}],"curies":[{"name":"wp","href":"https:\/\/api.w.org\/{rel}","templated":true}]}}