{"id":3232,"date":"2021-05-03T20:53:26","date_gmt":"2021-05-03T20:53:26","guid":{"rendered":"http:\/\/ludzie.fundacja-pih.pl\/?post_type=product&#038;p=3232"},"modified":"2025-05-16T14:20:55","modified_gmt":"2025-05-16T14:20:55","slug":"kras-waldemar","status":"publish","type":"product","link":"http:\/\/ludzie.fundacja-pih.pl\/index.php\/product\/kras-waldemar\/","title":{"rendered":"Kras Waldemar"},"content":{"rendered":"<p>Urodzi\u0142 si\u0119 14 maja 1967 roku we Wroc\u0142awiu.<\/p>\n<p>W 1982 roku rozpocz\u0105\u0142 nauk\u0119 w ZSZ Mechaniczno &#8211; Elektrycznej we Wroc\u0142awiu. W 1987 roku uko\u0144czy\u0142 wroc\u0142awskie Technikum Mechaniczne. W latach 1976 &#8211; 1979 nale\u017ca\u0142 do ZHP. W 1981 roku uczestniczy\u0142 w akcjach  plakatowania \u201eSolidarno\u015bci\u201d. W dniu wprowadzenia stanu wojennego, 13 grudnia 1981 roku bra\u0142 udzia\u0142 w starciach ulicznych z ZOMO pod siedzib\u0105 ZR Dolny \u015al\u0105sk. Jako ucze\u0144 szko\u0142y podstawowej, razem z kilkoma kolegami, za\u0142o\u017cy\u0142 organizacj\u0119 o nazwie \u201eGrupa Patriot\u00f3w Polskich\u201d, kt\u00f3ra m.in. w styczniu 1982 roku obrzuci\u0142a kamieniami komisariat MO przy ul. Grunwaldzkiej we Wroc\u0142awiu. Na prze\u0142omie 1981 i 1982 roku uczestniczy\u0142 w akcjach malowania antyre\u017cimowych napis\u00f3w na murach, w akcjach ulotkowych i akcjach rozwieszania transparent\u00f3w. Od 1982 roku by\u0142 zaanga\u017cowany w druk podziemnego czasopisma \u201eM\u0142odzie\u017c\u201d, wsp\u00f3\u0142pracowa\u0142 tak\u017ce z Polsk\u0105 Niezale\u017cn\u0105 Organizacj\u0105 M\u0142odzie\u017cow\u0105. Wielokrotnie bra\u0142 udzia\u0142 w antyre\u017cimowych demonstracji ulicznych we Wroc\u0142awiu. W latach 1983 &#8211; 1986 by\u0142 wydawc\u0105 i redaktorem naczelnym m\u0142odzie\u017cowego podziemnego pisma \u201eImpuls\u201d, organizowa\u0142 r\u00f3wnie\u017c  szkolenia drukarzy. W 1984 roku drukowa\u0142 \u201eZ Dnia na Dzie\u0144\u201d. 13 grudnia 1984 roku Waldemara Krasa aresztowano. Tego samego dnia SB zlikwidowa\u0142a jego drukarni\u0119, rekwiruj\u0105c du\u017ce ilo\u015bci materia\u0142\u00f3w poligraficznych. Do 15 stycznia 1985 roku by\u0142 przetrzymywany w Areszcie \u015aledczym we Wroc\u0142awiu. Zosta\u0142 zwolniony w wyniku por\u0119czenia udzielonego mu przez Klub Sportowy Juvenia, w kt\u00f3rym trenowa\u0142 judo. 22 maja 1985 roku wyrokiem S\u0105du Rejonowego we Wroc\u0142awiu-\u015ar\u00f3dmie\u015bciu zosta\u0142 skazany na kar\u0119 1,5 roku pozbawienia wolno\u015bci w zawieszeniu na 4 lata. Wyrok ten uniemo\u017cliwi\u0142 mu nauk\u0119 w Pedagogicznym Studium Technicznym. W 1986 roku zosta\u0142 wydawc\u0105 i drukarzem ostatniego numeru czasopisma \u201eSzko\u0142a Podziemna\u201d. W tym samym roku zosta\u0142 r\u00f3wnie\u017c jednym z lider\u00f3w Mi\u0119dzyszkolnego Komitetu Oporu. W latach 1986 &#8211; 1987 by\u0142 redaktorem naczelnym i graficznym, oraz autorem (ps. E. Graf) dwutygodnika MKO \u201eSzko\u0142a\u201d. Wsp\u00f3\u0142pracowa\u0142 z redkacj\u0105 \u201eSzko\u0142y\u201d do 1988 roku. Od 1987 roku bra\u0142 udzia\u0142 w happeningach Pomara\u0144czowej Alternatywy. Wydawa\u0142 te\u017c podziemne pismo \u201eProletariusz\u201d, ulotki dla PA sygnowane przez MKO, jak r\u00f3wnie\u017c pismo anarchistycze \u201eNieregularnik Nieokre\u015blony\u201d. W latach 1988 &#8211; 1989 pe\u0142ni\u0142 funkcj\u0119 redaktora i drukarza podziemnego pisma \u201eHej. Informator uczniowski\u201d oraz pisma MKO i Ruchu WiP \u201eMON STOP\u201d. Razem z Piotrem Buzarem za\u0142o\u017cy\u0142 Agencj\u0119 Fonograficzn\u0105 Akcent. W okresie od czerwca 1988 roku do maja 1989 roku, razem z Piotrem Zagrodnym, redagowa\u0142 czasopismo poligraf\u00f3w \u201eInformator. TKZ \u00abS\u00bb Wroc\u0142awskich Zak\u0142ad\u00f3w Graficznych\u201d. W sierpniu 1988 roku zosta\u0142 wsp\u00f3\u0142wydawc\u0105 (m.in. ze S\u0142awomirem Nie\u0107k\u0105, Mariuszem Mieszalskim) \u201eIS. Informatora Strajkowego\u201d, a w roku 1989 miesi\u0119cznika \u201eAkapit. Og\u00f3lnopolski miesi\u0119cznik poligraf\u00f3w\u201d, organu Tymczasowej Krajowej Komisji Koordynacyjnej Pracownik\u00f3w Poligrafii \u201eS\u201d wydawanego we Wroc\u0142awiu. W 1989 roku drukowa\u0142 pismo \u201eNegocjacje. Serwis Informacyjny RKW \u00abS\u00bb Dolny \u015al\u0105sk\u201d, a tak\u017ce \u2013 wraz z Maciejem Furmankiem &#8211; redagowa\u0142 nr 1 pisma \u201eEnergetyk Elektrociep\u0142ownia-Wroc\u0142aw\u201d. Od sierpnia 1989 by\u0142 te\u017c wsp\u00f3\u0142pracownikiem ostatniego z tytu\u0142\u00f3w. Tak\u017ce w roku 1989 uczestniczy\u0142 w kampanii wyborczej KO \u201eSolidarno\u015b\u0107\u201d. Od 1992 prowadzi dzia\u0142alno\u015b\u0107 gospodarcz\u0105. Jest wsp\u00f3\u0142redaktorem ksi\u0105\u017cki \u201eMi\u0119dzyszkolny Komitet Oporu\u201d.<\/p>\n","protected":false},"excerpt":{"rendered":"<p>Urodzi\u0142 si\u0119 14 maja 1967 roku we Wroc\u0142awiu. W 1982 roku rozpocz\u0105\u0142 nauk\u0119 w ZSZ Mechaniczno &#8211; Elektrycznej we Wroc\u0142awiu. W 1987 roku uko\u0144czy\u0142 wroc\u0142awskie Technikum Mechaniczne. W latach 1976 &#8211; 1979 nale\u017ca\u0142 do ZHP. W 1981 roku uczestniczy\u0142 w akcjach plakatowania \u201eSolidarno\u015bci\u201d. W dniu wprowadzenia stanu wojennego, 13 grudnia 1981 roku bra\u0142 udzia\u0142 w [&hellip;]<\/p>\n","protected":false},"featured_media":3233,"template":"","meta":[],"_links":{"self":[{"href":"http:\/\/ludzie.fundacja-pih.pl\/index.php\/wp-json\/wp\/v2\/product\/3232"}],"collection":[{"href":"http:\/\/ludzie.fundacja-pih.pl\/index.php\/wp-json\/wp\/v2\/product"}],"about":[{"href":"http:\/\/ludzie.fundacja-pih.pl\/index.php\/wp-json\/wp\/v2\/types\/product"}],"wp:featuredmedia":[{"embeddable":true,"href":"http:\/\/ludzie.fundacja-pih.pl\/index.php\/wp-json\/wp\/v2\/media\/3233"}],"wp:attachment":[{"href":"http:\/\/ludzie.fundacja-pih.pl\/index.php\/wp-json\/wp\/v2\/media?parent=3232"}],"curies":[{"name":"wp","href":"https:\/\/api.w.org\/{rel}","templated":true}]}}