{"id":3334,"date":"2021-05-07T13:41:16","date_gmt":"2021-05-07T13:41:16","guid":{"rendered":"http:\/\/ludzie.fundacja-pih.pl\/?post_type=product&#038;p=3334"},"modified":"2025-05-16T14:21:39","modified_gmt":"2025-05-16T14:21:39","slug":"piotrowski-walerian-jan","status":"publish","type":"product","link":"http:\/\/ludzie.fundacja-pih.pl\/index.php\/product\/piotrowski-walerian-jan\/","title":{"rendered":"Piotrowski Walerian Jan"},"content":{"rendered":"<p>Urodzi\u0142 si\u0119 11 grudnia 1927 roku w Grodzisku Wielkopolskim.<\/p>\n<p>W 1952 roku uko\u0144czy\u0142 studia prawnicze na Uniwersytecie im. Adama Mickiewicza w Poznaniu. W latach 1941 &#8211; 1945 by\u0142 robotnikiem przymusowym w niemieckim przedsi\u0119biorstwie rob\u00f3t wodoci\u0105gowych i kanalizacyjnych w Grodzisku Wielkopolskim. W latach 1952 &#8211; 1953 pracowa\u0142 w Ekspozyturze Wojew\u00f3dzkiego Centralnego Zarz\u0105du Przemys\u0142u Mleczarskiego w Zielonej G\u00f3rze. W latach 1953 &#8211; 1955 odbywa\u0142 aplikacj\u0119 adwokack\u0105. W latach 1956 &#8211; 1959 by\u0142 zatrudniony jako adwokat w zespole adwokackim w Sulechowie, natomiast w latach 1959 &#8211; 2007 w Zielonej G\u00f3rze. W latach 1946 &#8211; 1948 by\u0142 cz\u0142onkiem, a nast\u0119pnie prezesem Sodalicji Maria\u0144skiej Uczni\u00f3w przy Pa\u0144stwowym Gimnazjum I LO w Zielonej G\u00f3rze. W latach 1948 &#8211; 1949 nale\u017ca\u0142 do SM Student\u00f3w Uniwersytetu Pozna\u0144skiego. W latach 1949 &#8211; 1952 by\u0142 cz\u0142onkiem Duszpasterstwa Akademickiego oo. dominikan\u00f3w w Poznaniu. W latach 1956 &#8211; 1957 inicjowa\u0142 powo\u0142anie KIK w Zielonej G\u00f3rze. Od 1956 roku by\u0142 obro\u0144c\u0105 ksi\u0119\u017cy w sprawach karnych i administracyjnych o pod\u0142o\u017cu politycznym. By\u0142 cz\u0142onkiem struktur samorz\u0105du adwokackiego w woj. zielonog\u00f3rskim, wyk\u0142adowc\u0105 i egzaminatorem aplikant\u00f3w. Od kwietnia 1960 roku do roku 1962, pe\u0142ni\u0142 funkcj\u0119 obro\u0144cy w sprawach karnych w zwi\u0105zku z wydarzeniami zielonog\u00f3rskimi 30 maja 1960 roku. Przez wiele lat dzia\u0142a\u0142 w katolickim parafialnym poradnictwie rodzinnym i na rzecz obrony \u017cycia pocz\u0119tego. W latach 1974 &#8211; 1978, nast\u0119pnie w okresie 1984 \u2013 1988, nale\u017ca\u0142 do Rady Duszpasterskiej Diecezji Zielonog\u00f3rsko-Gorzowskiej. W 1979 roku zwi\u0105za\u0142 si\u0119 ze \u015brodowiskiem O\u015brodka Dokumentacji i Studi\u00f3w Spo\u0142ecznych w Warszawie i kwartalnika \u201eChrze\u015bcijanin w \u015awiecie\u201d. W latach 1981 &#8211; 1984 nale\u017ca\u0142 do Polskiego Zwi\u0105zku Katolicko-Spo\u0142ecznego. Od wrze\u015bnia 1980 do roku 1981 roku by\u0142 doradc\u0105 lokalnych struktur \u201eSolidarno\u015bci\u201d. W latach 1980 &#8211; 1983 nale\u017ca\u0142 do zespo\u0142u charytatywnego przy ko\u015bciele Naj\u015bwi\u0119tszego Zbawiciela nios\u0105cego pomoc osobom represjonowanym i ich rodzinom. By\u0142 obro\u0144c\u0105 w procesach politycznych, by\u0142 tak\u017ce zaanga\u017cowany w pomoc prawn\u0105 represjonowanym. W latach 1984 &#8211; 1988 pe\u0142ni\u0142 mandat radnego MRN w Zielonej G\u00f3rze.<br \/>\nW kwietniu 1989 roku wsp\u00f3\u0142organizowa\u0142 i przewodniczy\u0142 KO w Zielonej G\u00f3rze. W latach 1989 &#8211; 1991 by\u0142 senatorem RP z listy KO \u201eSolidarno\u015b\u0107\u201d. W 2010 roku Walerian Piotrowski zosta\u0142 laureatem nagrody im. ks. dr Boles\u0142awa Doma\u0144skiego \u201eza d\u0105\u017cenie do prawdy i sprawiedliwo\u015bci oraz dba\u0142o\u015b\u0107 o etyczny wymiar \u017cycia publicznego\u201d przyznanej przez Katolickie Stowarzyszenie Civitas Christiana. W 2005 roku zosta\u0142 odznaczony Krzy\u017cem Kawalerskim Orderu Odrodzenia Polski. Walerian Piotrowski otrzyma\u0142 r\u00f3wnie\u017c Odznak\u0119 Honorow\u0105 za Zas\u0142ugi dla Wojew\u00f3dztwa Lubuskiego, tytu\u0142 Honorowego Obywatela Wojew\u00f3dztwa Lubuskiego oraz Honorowego Obywatela Miasta Zielona G\u00f3ra. Od 27 pa\u017adziernika 1971 roku do 10 sierpnia 1989 roku by\u0142 rozpracowywany przez Wydzia\u0142 IV KW MO\/WUSW\/RUSW w Zielonej G\u00f3rze w ramach KE o kryptonimie \u201ePiotr\u201d.<\/p>\n","protected":false},"excerpt":{"rendered":"<p>Urodzi\u0142 si\u0119 11 grudnia 1927 roku w Grodzisku Wielkopolskim. W 1952 roku uko\u0144czy\u0142 studia prawnicze na Uniwersytecie im. Adama Mickiewicza w Poznaniu. W latach 1941 &#8211; 1945 by\u0142 robotnikiem przymusowym w niemieckim przedsi\u0119biorstwie rob\u00f3t wodoci\u0105gowych i kanalizacyjnych w Grodzisku Wielkopolskim. W latach 1952 &#8211; 1953 pracowa\u0142 w Ekspozyturze Wojew\u00f3dzkiego Centralnego Zarz\u0105du Przemys\u0142u Mleczarskiego w Zielonej [&hellip;]<\/p>\n","protected":false},"featured_media":3335,"template":"","meta":[],"_links":{"self":[{"href":"http:\/\/ludzie.fundacja-pih.pl\/index.php\/wp-json\/wp\/v2\/product\/3334"}],"collection":[{"href":"http:\/\/ludzie.fundacja-pih.pl\/index.php\/wp-json\/wp\/v2\/product"}],"about":[{"href":"http:\/\/ludzie.fundacja-pih.pl\/index.php\/wp-json\/wp\/v2\/types\/product"}],"wp:featuredmedia":[{"embeddable":true,"href":"http:\/\/ludzie.fundacja-pih.pl\/index.php\/wp-json\/wp\/v2\/media\/3335"}],"wp:attachment":[{"href":"http:\/\/ludzie.fundacja-pih.pl\/index.php\/wp-json\/wp\/v2\/media?parent=3334"}],"curies":[{"name":"wp","href":"https:\/\/api.w.org\/{rel}","templated":true}]}}