{"id":3683,"date":"2021-06-09T08:56:55","date_gmt":"2021-06-09T08:56:55","guid":{"rendered":"http:\/\/ludzie.fundacja-pih.pl\/?post_type=product&#038;p=3683"},"modified":"2025-05-16T14:22:43","modified_gmt":"2025-05-16T14:22:43","slug":"klimek-elzbieta","status":"publish","type":"product","link":"http:\/\/ludzie.fundacja-pih.pl\/index.php\/product\/klimek-elzbieta\/","title":{"rendered":"Klimek El\u017cbieta"},"content":{"rendered":"<p>By\u0142a cz\u0142onkiem NSZZ \u201eSolidarno\u015b\u0107\u201d w Przedsi\u0119biorstwie Pa\u0144stwowym Pracownie Konserwacji Zabytk\u00f3w w Toruniu. W 1983 roku przeprowadzi\u0142a si\u0119 do Wroc\u0142awia, gdzie wsp\u00f3\u0142tworzy\u0142a Agencj\u0119 Fotograficzn\u0105 \u201eSolidarno\u015bci Walcz\u0105cej\u201d. Wraz ze swoim m\u0119\u017cem Stanis\u0142awem Klimkiem, sporz\u0105dza\u0142a projekty, wykonywa\u0142a zdj\u0119cia okoliczno\u015bciowe oraz odbitki, sygnowane przez Agencj\u0119 Fotograficzn\u0105 \u201eSolidarno\u015bci Walcz\u0105cej\u201d, kt\u00f3re nast\u0119pnie rozpowszechniano w drugim obiegu wydawniczym. Za swoj\u0105 dzia\u0142alno\u015b\u0107 w 2017 roku otrzyma\u0142a Z\u0142oty Krzy\u017c Zas\u0142ugi oraz Krzy\u017c Wolno\u015bci i Solidarno\u015bci.<\/p>\n","protected":false},"excerpt":{"rendered":"<p>By\u0142a cz\u0142onkiem NSZZ \u201eSolidarno\u015b\u0107\u201d w Przedsi\u0119biorstwie Pa\u0144stwowym Pracownie Konserwacji Zabytk\u00f3w w Toruniu. W 1983 roku przeprowadzi\u0142a si\u0119 do Wroc\u0142awia, gdzie wsp\u00f3\u0142tworzy\u0142a Agencj\u0119 Fotograficzn\u0105 \u201eSolidarno\u015bci Walcz\u0105cej\u201d. Wraz ze swoim m\u0119\u017cem Stanis\u0142awem Klimkiem, sporz\u0105dza\u0142a projekty, wykonywa\u0142a zdj\u0119cia okoliczno\u015bciowe oraz odbitki, sygnowane przez Agencj\u0119 Fotograficzn\u0105 \u201eSolidarno\u015bci Walcz\u0105cej\u201d, kt\u00f3re nast\u0119pnie rozpowszechniano w drugim obiegu wydawniczym. Za swoj\u0105 dzia\u0142alno\u015b\u0107 w [&hellip;]<\/p>\n","protected":false},"featured_media":906,"template":"","meta":[],"_links":{"self":[{"href":"http:\/\/ludzie.fundacja-pih.pl\/index.php\/wp-json\/wp\/v2\/product\/3683"}],"collection":[{"href":"http:\/\/ludzie.fundacja-pih.pl\/index.php\/wp-json\/wp\/v2\/product"}],"about":[{"href":"http:\/\/ludzie.fundacja-pih.pl\/index.php\/wp-json\/wp\/v2\/types\/product"}],"wp:featuredmedia":[{"embeddable":true,"href":"http:\/\/ludzie.fundacja-pih.pl\/index.php\/wp-json\/wp\/v2\/media\/906"}],"wp:attachment":[{"href":"http:\/\/ludzie.fundacja-pih.pl\/index.php\/wp-json\/wp\/v2\/media?parent=3683"}],"curies":[{"name":"wp","href":"https:\/\/api.w.org\/{rel}","templated":true}]}}