{"id":5202,"date":"2022-02-08T08:25:09","date_gmt":"2022-02-08T08:25:09","guid":{"rendered":"http:\/\/ludzie.fundacja-pih.pl\/?post_type=product&#038;p=5202"},"modified":"2025-05-16T14:23:29","modified_gmt":"2025-05-16T14:23:29","slug":"zaleski-wojciech","status":"publish","type":"product","link":"http:\/\/ludzie.fundacja-pih.pl\/index.php\/product\/zaleski-wojciech\/","title":{"rendered":"Zaleski Wojciech (Konin)"},"content":{"rendered":"<p>Urodzi\u0142 si\u0119 28 marca 1944 roku w Bia\u0142ymstoku. <\/p>\n<p>W 1972 roku uko\u0144czy\u0142 studia w Wy\u017cszej Szko\u0142y Pedagogicznej w Opolu. W latach 1979 \u2013 1990 pracowa\u0142 jako bibliotekarz i nauczyciel w Zespole Szk\u00f3\u0142 Zawodowych w Koninie. W 1980 roku wst\u0105pi\u0142 do NSZZ \u201eSolidarno\u015b\u0107\u201d. W latach 1980 \u2013 1981 przewodniczy\u0142 Regionalnej Sekcji\/Komisji Koordynacyjnej \u201eS\u201d O\u015bwiaty i Wychowania w Koninie. W 1981 roku pe\u0142ni\u0142 funkcj\u0119 przewodnicz\u0105cego Mi\u0119dzyzak\u0142adowego Komitetu Obrony Praw Cz\u0142owieka i Praworz\u0105dno\u015bci, kt\u00f3ry wsp\u00f3\u0142zak\u0142ada\u0142. W 1981 roku redagowa\u0142 niezale\u017cne pismo \u201eAzyl\u201d. W 1981 roku by\u0142 delegatem na I WZD. 13 listopada 1981 roku zosta\u0142 powo\u0142any w sk\u0142ad grupy negocjuj\u0105cej przekazanie budynku KW MO dla s\u0142u\u017cby zdrowia. Na prze\u0142omie pa\u017adziernika i listopada 1981 roku nale\u017ca\u0142 do MKS. Od 10 grudnia tego samego roku do chwili wprowadzenia stanu wojennego uczestniczy\u0142 w prote\u015bcie w \u015bwietlicy Wojew\u00f3dzkiego Szpitala Zespolonego w Koninie. Zaraz po og\u0142oszeniu stanu wojennego zosta\u0142 zatrzymany w czasie pacyfikacji protestu. 13 grudnia 1981 roku zosta\u0142 internowany i osadzony w O\u015brodku Odosobnienia w Miel\u0119cinie. Redagowa\u0142 tam pismo \u201eAzyl Internowany\u201d oraz uczestniczy\u0142 w g\u0142od\u00f3wce przed przyjazdem delegacji Mi\u0119dzynarodowego Czerwonego Krzy\u017ca. 11 maja 1982 roku zosta\u0142 zwolniony. W latach 1982 \u2013 1989 kolportowa\u0142 wydawnictwa podziemne w tym m.in. tytu\u0142y: \u201eNasza Solidarno\u015b\u0107\u201d, \u201eRobotnik\u201d, \u201eSolidarni\u2013Konin\u201d. Od pa\u017adziernika 1983 roku do lutego 1984 roku, wraz z \u017con\u0105 Ew\u0105 Bugno \u2013 Zalesk\u0105, redagowa\u0142 pismo \u201eSolidarno\u015b\u0107 Walcz\u0105ca\u201d sygnowanego przez koni\u0144ski oddzia\u0142 SW. Od lutego do lipca 1984 roku by\u0142 obj\u0119ty \u015bledztwem Prokuratury Wojew\u00f3dzkiej w Koninie. W 1984 roku zwi\u0105za\u0142 si\u0119 z  Konfraterni\u0105 im. ks. Jerzego Popie\u0142uszki przy parafii \u015bw. Wojciecha w Koninie. Nale\u017ca\u0142 do Klubu Dziennikarzy Katolickich. W pa\u017adzierniku 1985 roku wsp\u00f3\u0142zak\u0142ada\u0142 (m.in. z Krzysztofem Dobreckim), a nast\u0119pnie by\u0142 instruktorem i podharcmistrzem Polskiej Organizacji Harcerskiej. W maju  1985 roku uczestniczy\u0142 w g\u0142od\u00f3wce w G\u0142ogowcu na rzecz uwolnienia wi\u0119\u017ani\u00f3w politycznych. W latach 1986 \u2013 1989 prowadzi\u0142 z \u017con\u0105 w swoim mieszkaniu zwi\u0105zkow\u0105 aptek\u0119 lek\u00f3w z dar\u00f3w zagranicznych. W latach 1985 \u2013 1986 nale\u017ca\u0142 do podziemnej RKK \u201eS\u201d w Koninie (kierowanej przez Ryszarda Stachowiaka). We wrze\u015bniu 1986 roku zosta\u0142 obj\u0119ty akcj\u0105 tzw. rozm\u00f3w profilaktycznych. W latach 1986 \u2013 1989 by\u0142 cz\u0142onkiem jawnej Tymczasowej Regionalnej Rady \u201eS\u201d w Koninie. W latach 1988 \u2013 1989 wsp\u00f3\u0142redagowa\u0142 (z Paw\u0142em Kotlarskim i Ew\u0105 Bugno-Zalesk\u0105) pismo \u201eSolidarni\u2013Konin\u201d (nr. 24\u201340). Od 1 lutego 1989 roku nale\u017ca\u0142 do RKK \u201eS\u201d O\u015bwiaty i Wychowania w Koninie. Od 24 lutego 1989 roku pe\u0142ni\u0142 funkcj\u0119 sekretarza koni\u0144skiego Ko\u0142a Terenowego Polskiego Klubu Ekologicznego. W tym samym roku zosta\u0142 przedstawicielem TZR w KO \u201eS\u201d w Koninie i koordynatorem Oddzia\u0142u Regionalnego \u201eStowarzyszenia Wolnego S\u0142owa\u201d. Od 3 lutego 1981 roku do 29 stycznia 1982 roku by\u0142 rozpracowywany przez Wydzia\u0142  III KW MO w Koninie w ramach SOS o kryptonimie \u201eZwi\u0105zkowiec\u201d. Od 29 stycznia 1982 roku do 13 czerwca 1990 roku by\u0142 zarejestrowany przez Wydzia\u0142 III\/V\/WOG KW MO\/WUSW w Koninie jako TW \u201eObserwator\u201d\/\u201dHenryk\u201d\/\u201dMarek\u201d, OI \u201eMarek\u201d.<\/p>\n","protected":false},"excerpt":{"rendered":"<p>Urodzi\u0142 si\u0119 28 marca 1944 roku w Bia\u0142ymstoku. W 1972 roku uko\u0144czy\u0142 studia w Wy\u017cszej Szko\u0142y Pedagogicznej w Opolu. W latach 1979 \u2013 1990 pracowa\u0142 jako bibliotekarz i nauczyciel w Zespole Szk\u00f3\u0142 Zawodowych w Koninie. W 1980 roku wst\u0105pi\u0142 do NSZZ \u201eSolidarno\u015b\u0107\u201d. W latach 1980 \u2013 1981 przewodniczy\u0142 Regionalnej Sekcji\/Komisji Koordynacyjnej \u201eS\u201d O\u015bwiaty i Wychowania [&hellip;]<\/p>\n","protected":false},"featured_media":0,"template":"","meta":[],"_links":{"self":[{"href":"http:\/\/ludzie.fundacja-pih.pl\/index.php\/wp-json\/wp\/v2\/product\/5202"}],"collection":[{"href":"http:\/\/ludzie.fundacja-pih.pl\/index.php\/wp-json\/wp\/v2\/product"}],"about":[{"href":"http:\/\/ludzie.fundacja-pih.pl\/index.php\/wp-json\/wp\/v2\/types\/product"}],"wp:attachment":[{"href":"http:\/\/ludzie.fundacja-pih.pl\/index.php\/wp-json\/wp\/v2\/media?parent=5202"}],"curies":[{"name":"wp","href":"https:\/\/api.w.org\/{rel}","templated":true}]}}