{"id":5206,"date":"2022-02-08T11:00:18","date_gmt":"2022-02-08T11:00:18","guid":{"rendered":"http:\/\/ludzie.fundacja-pih.pl\/?post_type=product&#038;p=5206"},"modified":"2025-05-16T14:23:31","modified_gmt":"2025-05-16T14:23:31","slug":"prylinska-lucyna-maria-kalisz","status":"publish","type":"product","link":"http:\/\/ludzie.fundacja-pih.pl\/index.php\/product\/prylinska-lucyna-maria-kalisz\/","title":{"rendered":"Pryli\u0144ska Lucyna Maria (Kalisz)"},"content":{"rendered":"<p>Urodzi\u0142a si\u0119 26 sierpnia 1924 roku w Kaliszu, zm. 23 grudnia 2018 w Kaliszu.<\/p>\n<p>W 1970 roku uko\u0144czy\u0142a Studium Statystyki w Przedsi\u0119biorstwie Przemys\u0142owym w \u0141odzi. W latach 1977 \u2013 1984 pe\u0142ni\u0142a funkcj\u0119 kierownika Sekcji Ekonomicznej w Kaliskiej Transportowej Sp\u00f3\u0142dzielni Pracy. We wrze\u015bniu 1980 roku wst\u0105pi\u0142a do NSZZ \u201eSolidarno\u015b\u0107\u201d. Przewodniczy\u0142a Komitetowi Za\u0142o\u017cycielskiemu, nast\u0119pnie KZ. Od 21 wrze\u015bnia 1981 roku pe\u0142ni\u0142a funkcj\u0119 sekretarza Mi\u0119dzyzak\u0142adowej Komisji Porozumiewawczej (Zarz\u0105du Okr\u0119gu) w Kaliszu. Od 17 lutego 1981 roku szefowa\u0142a Sekcji Transportowo-Motoryzacyjnej KKK Sp\u00f3\u0142dzielczo\u015bci Pracy. W lipcu 1981 roku nale\u017ca\u0142a do Grupy Negocjacyjnej ZR Wielkopolska Po\u0142udniowa. Od 19 listopada 1981 roku wchodzi\u0142a w sk\u0142ad komisji ds. samorz\u0105du terytorialnego przy ZR (z Henrykiem Sici\u0144skim). Prowadzi\u0142a szkolenia w regionie dotycz\u0105ce wybor\u00f3w samorz\u0105dowych. W listopadzie 1981 roku zosta\u0142a sygnatariuszk\u0105 deklaracji za\u0142o\u017cycielskiej Klub\u00f3w Rzeczypospolitej Samorz\u0105dnej Wolno\u015b\u0107-Sprawiedliwo\u015b\u0107-Niepodleg\u0142o\u015b\u0107. W latach 1982 \u2013 1984 wsp\u00f3\u0142pracowa\u0142a z Tymczasowym Komitetem Koordynacyjnym \u201eS\u201d Wielkopolska Po\u0142udniowa. W latach 1983 \u2013 1984 wsp\u00f3\u0142pracowa\u0142a z Mi\u0119dzyregionaln\u0105 Komisj\u0105 Koordynacyjn\u0105 Konin-Sieradz-Kalisz. Wsp\u00f3\u0142pracowa\u0142a r\u00f3wnie\u017c, w zakresie kolporta\u017cu i gromadzenia informacji, z podziemnymi pismami, m.in. \u201eSpo\u0142ecze\u0144stwu do Przemy\u015blenia\u201d, \u201eBiuletynu Informacyjnego TKK Wielkopolska Po\u0142udniowa\u201d, \u201eMagazynu Polski Walcz\u0105cej\u201d \u201eSpo\u0142ecze\u0144stwu Kalisza do Przemy\u015blenia\u201d, \u201eNaszej Solidarno\u015bci\u201d. W latach 1982 \u2013 1984 kolportowa\u0142a podziemne pisma spoza Kalisza, m.in.: \u201eBiuletyn Dolno\u015bl\u0105ski\u201d, \u201eZ Dnia na Dzie\u0144\u201d, \u201eSolidarno\u015b\u0107 Walcz\u0105ca\u201d, organizowa\u0142a grup\u0119 kolporter\u00f3w. By\u0142a te\u017c kurierem. W latach 1982 \u2013 1984 drukowa\u0142a i kolportowa\u0142a podziemne koperty okoliczno\u015bciowe. Pieni\u0105dze ze sprzeda\u017cy kopert przekazywano na fundusz pomocy osobom represjonowanym. Od 13 grudnia 1981 roku do 1984 roku by\u0142a wielokrotnie zatrzymywana i przes\u0142uchiwana. W listopadzie 1982 roku jej mieszkanie poddano rewizji. W tym samym roku ufundowa\u0142a sztandar \u201eS\u201d Regionu Wielkopolska Po\u0142udniowa, wykonanego przez ss. karmelitanki bose w Nied\u017awiadach. W 1984 roku przesz\u0142a na emerytur\u0119. W latach 1984 \u2013 1985 wsp\u00f3\u0142pracowa\u0142a z kalisk\u0105 \u201eSolidarno\u015bci\u0105 Walcz\u0105c\u0105\u201d i podziemnym czasopismem \u201eSolidarno\u015b\u0107 Walcz\u0105ca. Wolni i Solidarni\u201d. W jej mieszkaniu funkcjonowa\u0142 sk\u0142ad druk\u00f3w SW. Od 18 stycznia 1982 roku do 10 pa\u017adziernika 1984 roku, by\u0142a rozpracowywana przez Wydzia\u0142 V KW MO\/WUSW w Kaliszu w ramach SOR o kryptonimie \u201eGrupa\u201d. Od 21 stycznia 1982 roku do 20 listopada 1984 roku w ramach SOR o kryptonimie \u201e\u015awiat\u0142o\u201d. Od 21 stycznia 1982 roku w ramach KE o kryptonimie \u201eLucia\u201d. Od 6 pa\u017adziernika 1983 roku do 24 wrze\u015bnia 1986 roku przez Wydzia\u0142 V WUSW tam\u017ce w ramach SOR kryptonimie \u201eUk\u0142ad\u201d. Do 15 lipca 1985 roku w ramach KE o kryptonimie \u201eKlon\u201d.<\/p>\n","protected":false},"excerpt":{"rendered":"<p>Urodzi\u0142a si\u0119 26 sierpnia 1924 roku w Kaliszu, zm. 23 grudnia 2018 w Kaliszu. W 1970 roku uko\u0144czy\u0142a Studium Statystyki w Przedsi\u0119biorstwie Przemys\u0142owym w \u0141odzi. W latach 1977 \u2013 1984 pe\u0142ni\u0142a funkcj\u0119 kierownika Sekcji Ekonomicznej w Kaliskiej Transportowej Sp\u00f3\u0142dzielni Pracy. We wrze\u015bniu 1980 roku wst\u0105pi\u0142a do NSZZ \u201eSolidarno\u015b\u0107\u201d. Przewodniczy\u0142a Komitetowi Za\u0142o\u017cycielskiemu, nast\u0119pnie KZ. Od 21 [&hellip;]<\/p>\n","protected":false},"featured_media":0,"template":"","meta":[],"_links":{"self":[{"href":"http:\/\/ludzie.fundacja-pih.pl\/index.php\/wp-json\/wp\/v2\/product\/5206"}],"collection":[{"href":"http:\/\/ludzie.fundacja-pih.pl\/index.php\/wp-json\/wp\/v2\/product"}],"about":[{"href":"http:\/\/ludzie.fundacja-pih.pl\/index.php\/wp-json\/wp\/v2\/types\/product"}],"wp:attachment":[{"href":"http:\/\/ludzie.fundacja-pih.pl\/index.php\/wp-json\/wp\/v2\/media?parent=5206"}],"curies":[{"name":"wp","href":"https:\/\/api.w.org\/{rel}","templated":true}]}}