{"id":522,"date":"2020-12-02T12:03:16","date_gmt":"2020-12-02T12:03:16","guid":{"rendered":"http:\/\/ludzie.fundacja-pih.pl\/?post_type=product&#038;p=522"},"modified":"2025-05-16T14:10:25","modified_gmt":"2025-05-16T14:10:25","slug":"grupinski-rafal","status":"publish","type":"product","link":"http:\/\/ludzie.fundacja-pih.pl\/index.php\/product\/grupinski-rafal\/","title":{"rendered":"Grupi\u0144ski Rafa\u0142"},"content":{"rendered":"<p>Urodzi\u0142 si\u0119 26 wrze\u015bnia 1952 roku we Wronkach. <\/p>\n<p>W 1976 roku uko\u0144czy\u0142 studia na wydziale polonistyki Uniwersytetu im. Adama Mickiewicza w Poznaniu. W latach 1977 \u2013 1979 kolportowa\u0142 czasopisma niezale\u017cne w tym m.in. \u201eBiuletyn Informacyjny\u201d KOR, KSS KOR, ksi\u0105\u017cki NOWej, \u201eWitrynki Literat\u00f3w i Krytyk\u00f3w\u201d i paryskiej \u201eKultury\u201d. W latach 1977 \u2013 1980 wsp\u00f3\u0142organizowa\u0142 dzia\u0142alno\u015b\u0107 Studenckiego Ko\u0142a Solidarno\u015bci. W latach 1978 \u2013 1980 wsp\u00f3\u0142pracowa\u0142 z KSS KOR. W ramach wsp\u00f3\u0142pracy przechowywa\u0142 niezale\u017cne wydawnictwa i kolportowa\u0142 je. W 1977 roku pracowa\u0142 jako nauczyciel w Zespole Szk\u00f3\u0142 Budownictwa w Poznaniu. W latach 1977 \u2013 1978 by\u0142 nauczycielem w pozna\u0144skim Zespole Szk\u00f3\u0142 Energetycznych. W latach 1978\u20131979 w by\u0142 zatrudniony w Zespole Szk\u00f3\u0142 Administracji Terenami Zielonymi. By\u0142 zwalniany z pracy nauczyciela z przyczyn politycznych. W latach 1979 &#8211; 1981 pracowa\u0142 jako bibliotekarz w Pa\u0144stwowym Liceum Sztuk Plastycznych. W latach 1981 \u2013 2008 by\u0142 zatrudniony jako starszy wyk\u0142adowca w Pa\u0144stwowej Wy\u017cszej Szkole Sztuk Plastycznych w Poznaniu, pracowa\u0142 w\u00f3wczas tak\u017ce dorywczo. We wrze\u015bniu 1980 roku wst\u0105pi\u0142 do NSZZ \u201eSolidarno\u015b\u0107\u201d i zosta\u0142 cz\u0142onkiem KZ Pracownik\u00f3w O\u015bwiaty i Wychowania przy ZR Wielkopolska. 3 wrze\u015bnia 1980 roku zosta\u0142 za\u0142o\u017cycielem pierwszego nauczycielskiego ko\u0142a NSZZ \u201eSolidarno\u015b\u0107\u201d w Wielkopolsce w PLSP w Poznaniu. W lipcu 1981 roku by\u0142 delegatem na I WZD Regionu Wielkopolska, przewodnicz\u0105cym Ko\u0142a POiW przy ZR, cz\u0142onkiem Krajowej Komisji POiW. Kolportowa\u0142 niezale\u017cny \u201eBiuletyn O\u015bwiaty i Wychowania NSZZ Solidarno\u015b\u0107\u201d, wydawnictwa KZ i \u201eObserwatora Wielkopolskiego\u201d. W 1981 roku uczestniczy\u0142 w negocjacjach \u201eSolidarno\u015bci\u201d POiW z Ministerstwem O\u015bwiaty i Wychowania ws. podr\u0119cznik\u00f3w szkolnych. Po wprowadzeniu stanu wojennego 13 grudnia 1981 roku, wst\u0105pi\u0142 do struktur pozna\u0144skiej \u201eSolidarno\u015bci\u201d podziemnej. By\u0142 kolporterem kilkudziesi\u0119ciu pism podziemnych m.in. \u201eObserwatora Wielkopolskiego\u201d, \u201eVeta\u201d oraz pism \u201eSolidarno\u015bci Walcz\u0105cej\u201d. Rozprowadza\u0142 r\u00f3wnie\u017c ksi\u0105\u017cki tzw. drugiego obiegu, ulotki, kasety audio (programy paryskiego \u201eKontaktu\u201d), wydawnictwa okoliczno\u015bciowe. W latach 1982 \u2013 1984 przez kilka miesi\u0119cy ukrywa\u0142 si\u0119 w jego mieszkaniu Maciej Frankiewicz. Rafa\u0142 Grupi\u0144ski wsp\u00f3\u0142pracowa\u0142 tak\u017ce z Radiem \u201eSolidarno\u015b\u0107\u201d w Poznaniu i udzia\u0142 w rozpowszechnianiu plan\u00f3w technicznych do emisji radiowych (tranzystory wysokiej mocy) w g\u0142\u00f3wnych o\u015brodkach w Polsce. W 1983 roku, po nawi\u0105zaniu kontaktu z \u201eSolidarno\u015bci\u0105 Walcz\u0105c\u0105\u201d zosta\u0142 wsp\u00f3\u0142za\u0142o\u017cycielem autorem i kolporterem pism \u201eSolidarno\u015bci Walcz\u0105cej\u201d. Od 1983 roku wsp\u00f3\u0142organizowa\u0142 dzia\u0142alno\u015b\u0107 wydawnicz\u0105 w tym m.in. materia\u0142y, i sprz\u0119t poligraficzny. Wsp\u00f3\u0142pracowa\u0142 z Iren\u0105 Lasot\u0105 (Fundusz IDEE Francja), Jerzym Giedroyciem oraz paryskich pismami: \u201eKultur\u0105\u201d, \u201eKontaktem\u201d, \u201eLa Nouvelle Alternative\u201d, z londy\u0144skim \u201ePulsem\u201d, Committee in Support of Solidarity,  zachodnioniemieck\u0105 Parti\u0105 Zielonych oraz Pale Jalta we Frankfurcie n. Menem, dostarczaj\u0105cym do Polski sprz\u0119t i materia\u0142y poligraficzne, \u015brodki finansowe, leki i odzie\u017c. 5 lipca 1983 roku zosta\u0142 aresztowany. By\u0142 przetrzymywany w Areszcie \u015aledczym w Poznaniu. 25 lipca 1983 roku decyzj\u0105 Prokuratury Wojew\u00f3dzkiej w Poznaniu areszt mu uchylono na mocy amnestii. W latach 1984 \u2013 1985 wraz z W\u0142odzimierzem Filipkiem i Ann\u0105 Grupi\u0144sk\u0105, za\u0142o\u017cy\u0142 czasopismo \u201eCzas\u201d. By\u0142 autorem ukazuj\u0105cych si\u0119 w nim tekst\u00f3w, organizatorem prac zespo\u0142u redakcyjnego, dzia\u0142alno\u015bci wydawniczej i transportu. W 1985 roku razem z Ann\u0105 Grupi\u0144sk\u0105, Dariuszem Go\u015bciniakiem, Krzysztofem Czy\u017cewskim i Andrzejem Pi\u0105tkiem wsp\u00f3\u0142tworzy\u0142 \u201eCzas Kultury\u201d. W latach 1985 \u2013 1990 pe\u0142ni\u0142 funkcj\u0119 redaktora naczelnego tego tytu\u0142u. W 1986 roku otrzyma\u0142 p\u00f3\u0142roczne stypendium Committee in Support of Solidarity w USA. W 1988 roku wsp\u00f3\u0142zak\u0142ada\u0142 i zosta\u0142 autorem w redakcji pisma spo\u0142eczno-politycznego \u201eSolidarno\u015bci Walcz\u0105cej\u201d pt. \u201eKomentarz\u201d. W prasie podziemnej publikowa\u0142 m.in. pod pseudonimami: J.O., Jerzy Okoniewski, Stanis\u0142aw Stanis\u0142awski, Szymon Staropolski, Roman Grot. Po 1990 roku zawodowo zwi\u0105zany by\u0142 z mediami, zajmowa\u0142 si\u0119 tak\u017ce dzia\u0142alno\u015bci\u0105 wydawnicz\u0105. Od 2005 roku by\u0142 pos\u0142em do parlamentu z listy Platformy Obywatelskiej. W latach 2007 \u2013 2009 pe\u0142ni\u0142 funkcj\u0119 sekretarza stanu w Kancelarii Prezesa Rady Ministr\u00f3w. Od wrze\u015bnia 2009 roku by\u0142 wiceprzewodnicz\u0105cym Klubu Parlamentarnego Platformy Obywatelskiej RP, a od listopada 2011 roku jego przewodnicz\u0105cym. Rafa\u0142 Grupi\u0144ski jest autorem poezji, opowiada\u0144, esej\u00f3w i scenariuszy.<\/p>\n<p>Notka poprawiona i autoryzowana przez Rafa\u0142a Grupi\u0144skiego 18 maja 2021 r.<\/p>\n","protected":false},"excerpt":{"rendered":"<p>Urodzi\u0142 si\u0119 26 wrze\u015bnia 1952 roku we Wronkach. W 1976 roku uko\u0144czy\u0142 studia na wydziale polonistyki Uniwersytetu im. Adama Mickiewicza w Poznaniu. W latach 1977 \u2013 1979 kolportowa\u0142 czasopisma niezale\u017cne w tym m.in. \u201eBiuletyn Informacyjny\u201d KOR, KSS KOR, ksi\u0105\u017cki NOWej, \u201eWitrynki Literat\u00f3w i Krytyk\u00f3w\u201d i paryskiej \u201eKultury\u201d. W latach 1977 \u2013 1980 wsp\u00f3\u0142organizowa\u0142 dzia\u0142alno\u015b\u0107 Studenckiego [&hellip;]<\/p>\n","protected":false},"featured_media":523,"template":"","meta":[],"_links":{"self":[{"href":"http:\/\/ludzie.fundacja-pih.pl\/index.php\/wp-json\/wp\/v2\/product\/522"}],"collection":[{"href":"http:\/\/ludzie.fundacja-pih.pl\/index.php\/wp-json\/wp\/v2\/product"}],"about":[{"href":"http:\/\/ludzie.fundacja-pih.pl\/index.php\/wp-json\/wp\/v2\/types\/product"}],"wp:featuredmedia":[{"embeddable":true,"href":"http:\/\/ludzie.fundacja-pih.pl\/index.php\/wp-json\/wp\/v2\/media\/523"}],"wp:attachment":[{"href":"http:\/\/ludzie.fundacja-pih.pl\/index.php\/wp-json\/wp\/v2\/media?parent=522"}],"curies":[{"name":"wp","href":"https:\/\/api.w.org\/{rel}","templated":true}]}}